{"id":130026,"date":"2026-04-08T12:11:57","date_gmt":"2026-04-21T10:25:07","guid":{"rendered":"https:\/\/www.noz.fr\/?post_type=job_listing&#038;p=130026"},"modified":"2026-04-30T09:30:12","modified_gmt":"2026-04-30T07:30:12","slug":"acheteur-negociateur-commercial-b2b-h-f-7","status":"publish","type":"job_listing","link":"https:\/\/www.noz.fr\/en\/offres\/acheteur-negociateur-commercial-b2b-h-f-7\/","title":{"rendered":"Acheteur \/ N\u00e9gociateur Commercial B2B H\/F"},"content":{"rendered":"<p style=\"text-align:center\"><strong>Vous cherchez \u00e0 int\u00e9grer une entreprise dynamique en qu\u00eate d\u2019expansion internationale ?<\/strong><br \/><strong> Le go\u00fbt du challenge et le d\u00e9passement de soi sont des \u00e9l\u00e9ments qui vous animent au quotidien ?<\/strong><\/p>\n<p style=\"text-align:center\"><strong>Contribuer \u00e0 la lutte contre le gaspillage et pousser notre soci\u00e9t\u00e9 \u00e0 davantage d\u2019\u00e9conomie circulaire sont des sujets qui vous touchent ?<\/strong><\/p>\n<p style=\"text-align:start;min-height: 1.7em\">\n<p style=\"text-align:center\"><strong>N\u2019attendez plus, lisez l\u2019annonce ci-dessous ! <\/strong>\ud83d\udc47<\/p>\n<p style=\"text-align:start;min-height: 1.7em\">\n<p style=\"text-align:start\">L\u2019Univers NOZ, <strong>leader europ\u00e9en du d\u00e9stockage<\/strong>, 6000 personnes dans le monde, 327 magasins France, en croissance r\u00e9guli\u00e8re depuis 47 ans, conna\u00eet aujourd\u2019hui un d\u00e9veloppement tr\u00e8s important avec l\u2019ouverture de nombreux magasins en France et l\u2019ambition de devenir n\u00b01 mondial du d\u00e9stockage.<\/p>\n<figure style=\"text-align:start\"><\/figure>\n<p style=\"text-align:start;min-height: 1.7em\">\n<p style=\"text-align:start\">L&rsquo;Univers NOZ continue de grandir ! Pour poursuivre et soutenir cette belle \u00e9volution et afin d&rsquo;acc\u00e9l\u00e9rer notre d\u00e9veloppement sur le march\u00e9 du d\u00e9stockage, nous recrutons un(e):&nbsp;<\/p>\n<p style=\"text-align:center\"><strong><span style=\"font-size:1.1em\">&nbsp;<\/span>Acheteur commercial s\u00e9dentaire BtoB H\/F&nbsp;<br \/><\/strong>\ud83d\udccd Bas\u00e9 \u00e0 Laval (53)<\/p>\n<p style=\"text-align:start\"><strong><br \/><\/strong><\/p>\n<p style=\"text-align:start\"><strong>Ton challenge \ud83c\udfaf<\/strong>:&nbsp;<\/p>\n<p style=\"text-align:start\">Entretenir et d\u00e9velopper ton portefeuille de fournisseurs (distributeurs GMS, grossistes, importateurs, industriels etc.)&nbsp;auxquels tu proposeras&nbsp; des solutions de valorisation de produits invendus !<\/p>\n<p style=\"text-align:start;min-height: 1.7em\">\n<p style=\"text-align:start\"><strong>Dans ce cadre :&nbsp;<\/strong><\/p>\n<ul>\n<li>\n<p>Tu suivras notre <strong>formation interne au m\u00e9tier des achats et du d\u00e9stockage<\/strong>.<\/p>\n<\/li>\n<li>\n<p>Tu seras accompagn\u00e9(e) par nos <strong>coachs achats<\/strong>&nbsp;pour renforcer tes comp\u00e9tences au quotidien.&nbsp;<\/p>\n<\/li>\n<li>\n<p>Tu te <strong>d\u00e9placeras ponctuellement en France&nbsp;pour rencontrer nos fournisseurs<\/strong> et n\u00e9gocier les meilleurs deals !<\/p>\n<\/li>\n<\/ul>\n<p style=\"text-align:start;min-height: 1.7em\">\n<p style=\"text-align:start\"><strong>Tes missions&nbsp;\ud83d\udcbc<\/strong>:<\/p>\n<ul>\n<li>\n<p><strong>Prospecter et d\u00e9velopper des partenariats<\/strong> avec les fournisseurs existants et les fid\u00e9liser.<\/p>\n<\/li>\n<li>\n<p><strong>Pr\u00e9parer<\/strong> and <strong>n\u00e9gocier<\/strong> les offres d&rsquo;achats dans l\u2019int\u00e9r\u00eat commun de l\u2019entreprise&nbsp;et&nbsp;des fournisseurs. \ud83e\udd1d<\/p>\n<\/li>\n<li>\n<p>Travailler en <strong>\u00e9troite collaboration <\/strong>avec le service <strong>marketing<\/strong> pour&nbsp;b\u00e2tir des offres de prix&nbsp;attractives et d\u00e9velopper votre&nbsp;connaissance&nbsp;des&nbsp;march\u00e9s&nbsp;de produits.<\/p>\n<\/li>\n<li>\n<p><strong>Mettre en place des plans d\u2019action<\/strong> pour atteindre et d\u00e9passer tes objectifs. \ud83d\udcc8<\/p>\n<\/li>\n<li>\n<p><strong>Repr\u00e9senter l&rsquo;Univers NOZ<\/strong> lors de salons et \u00e9v\u00e9nements&nbsp;professionnels.<\/p>\n<\/li>\n<li>\n<p><strong>Exploiter toutes les opportunit\u00e9s<\/strong> de business chez tes fournisseurs.<\/p>\n<\/li>\n<\/ul>\n<p style=\"text-align:start;min-height: 1.7em\">\n<p style=\"text-align:start\"><strong>Notre offre :<br \/><\/strong><\/p>\n<ul>\n<li>\n<p>Un accompagnement sur mesure lors de ton int\u00e9gration&nbsp;pour t\u2019aider \u00e0 te perfectionner.<\/p>\n<\/li>\n<li>\n<p>Une \u00e9volution dans un projet ambitieux \u00e0 dimension internationale, celui de <strong>devenir le leader mondial du d\u00e9stockage !<\/strong><\/p>\n<\/li>\n<li>\n<p><strong>Un salaire fixe + variable non plafonn\u00e9<\/strong>.<strong>&nbsp;<\/strong><\/p>\n<\/li>\n<li>\n<p>Un <strong>bonus d\u2019int\u00e9gration<\/strong> pour bien d\u00e9marrer !<\/p>\n<\/li>\n<li>\n<p>Un cadre de travail moderne et agr\u00e9able : <strong>campus avec cours de sport, traiteur, food-truck, conciergerie, garage<\/strong>\u2026<\/p>\n<\/li>\n<\/ul>\n<p style=\"min-height: 1.7em\">","protected":false},"author":0,"featured_media":0,"template":"","meta":{"_acf_changed":false,"inline_featured_image":false,"_promoted":"","_job_location":"Saint Berthevin","_application":"noreply@noz.fr","_company_name":"","_company_website":"","_company_tagline":"","_company_twitter":"","_company_video":"","_filled":0,"_featured":0,"_remote_position":0,"_job_salary":"","_job_salary_currency":"","_job_salary_unit":"","_links_to":"","_links_to_target":""},"job-categories":[],"job-types":[127],"departement":[28],"metier":[],"region":[29],"secteur_dactivite":[122],"class_list":{"0":"post-130026","1":"job_listing","2":"type-job_listing","3":"status-publish","4":"hentry","5":"departement-mayenne","6":"region-pays-de-la-loire","7":"secteur_dactivite-commercial","9":"job-type-temps-plein-a-duree-indeterminee"},"acf":[],"yoast_head":"<!-- This site is optimized with the Yoast SEO plugin v27.5 - https:\/\/yoast.com\/product\/yoast-seo-wordpress\/ -->\n<title>Acheteur \/ N\u00e9gociateur Commercial B2B H\/F - Noz<\/title>\n<meta name=\"robots\" content=\"index, follow, max-snippet:-1, max-image-preview:large, max-video-preview:-1\" \/>\n<link rel=\"canonical\" href=\"https:\/\/www.noz.fr\/en\/offres\/acheteur-negociateur-commercial-b2b-h-f-7\/\" \/>\n<meta property=\"og:locale\" content=\"en_GB\" \/>\n<meta property=\"og:type\" content=\"article\" \/>\n<meta property=\"og:title\" content=\"Acheteur \/ N\u00e9gociateur Commercial B2B H\/F - Noz\" \/>\n<meta property=\"og:description\" content=\"Vous cherchez \u00e0 int\u00e9grer une entreprise dynamique en qu\u00eate d\u2019expansion internationale ? Le go\u00fbt du challenge et le d\u00e9passement de soi sont des \u00e9l\u00e9ments qui vous animent au quotidien ? Contribuer \u00e0 la lutte contre le gaspillage et pousser notre soci\u00e9t\u00e9 \u00e0 davantage d\u2019\u00e9conomie circulaire sont des sujets qui vous touchent ? N\u2019attendez plus, lisez [&hellip;]\" \/>\n<meta property=\"og:url\" content=\"https:\/\/www.noz.fr\/en\/offres\/acheteur-negociateur-commercial-b2b-h-f-7\/\" \/>\n<meta property=\"og:site_name\" content=\"Noz\" \/>\n<meta property=\"article:modified_time\" content=\"2026-04-30T07:30:12+00:00\" \/>\n<meta name=\"twitter:card\" content=\"summary_large_image\" \/>\n<meta name=\"twitter:label1\" content=\"Estimated reading time\" \/>\n\t<meta name=\"twitter:data1\" content=\"2 minutes\" \/>\n<script type=\"application\/ld+json\" class=\"yoast-schema-graph\">{\"@context\":\"https:\\\/\\\/schema.org\",\"@graph\":[{\"@type\":\"WebPage\",\"@id\":\"https:\\\/\\\/www.noz.fr\\\/en\\\/offres\\\/acheteur-negociateur-commercial-b2b-h-f-7\\\/\",\"url\":\"https:\\\/\\\/www.noz.fr\\\/en\\\/offres\\\/acheteur-negociateur-commercial-b2b-h-f-7\\\/\",\"name\":\"Acheteur \\\/ N\u00e9gociateur Commercial B2B H\\\/F - Noz\",\"isPartOf\":{\"@id\":\"https:\\\/\\\/www.noz.fr\\\/#website\"},\"datePublished\":\"2026-04-21T10:25:07+00:00\",\"dateModified\":\"2026-04-30T07:30:12+00:00\",\"breadcrumb\":{\"@id\":\"https:\\\/\\\/www.noz.fr\\\/en\\\/offres\\\/acheteur-negociateur-commercial-b2b-h-f-7\\\/#breadcrumb\"},\"inLanguage\":\"en-GB\",\"potentialAction\":[{\"@type\":\"ReadAction\",\"target\":[\"https:\\\/\\\/www.noz.fr\\\/en\\\/offres\\\/acheteur-negociateur-commercial-b2b-h-f-7\\\/\"]}]},{\"@type\":\"BreadcrumbList\",\"@id\":\"https:\\\/\\\/www.noz.fr\\\/en\\\/offres\\\/acheteur-negociateur-commercial-b2b-h-f-7\\\/#breadcrumb\",\"itemListElement\":[{\"@type\":\"ListItem\",\"position\":1,\"name\":\"Accueil\",\"item\":\"https:\\\/\\\/www.noz.fr\\\/\"},{\"@type\":\"ListItem\",\"position\":2,\"name\":\"Acheteur \\\/ N\u00e9gociateur Commercial B2B H\\\/F\"}]},{\"@type\":\"WebSite\",\"@id\":\"https:\\\/\\\/www.noz.fr\\\/#website\",\"url\":\"https:\\\/\\\/www.noz.fr\\\/\",\"name\":\"Noz\",\"description\":\"\",\"potentialAction\":[{\"@type\":\"SearchAction\",\"target\":{\"@type\":\"EntryPoint\",\"urlTemplate\":\"https:\\\/\\\/www.noz.fr\\\/?s={search_term_string}\"},\"query-input\":{\"@type\":\"PropertyValueSpecification\",\"valueRequired\":true,\"valueName\":\"search_term_string\"}}],\"inLanguage\":\"en-GB\"}]}<\/script>\n<!-- \/ Yoast SEO plugin. -->","yoast_head_json":{"title":"Acheteur \/ N\u00e9gociateur Commercial B2B H\/F - Noz","robots":{"index":"index","follow":"follow","max-snippet":"max-snippet:-1","max-image-preview":"max-image-preview:large","max-video-preview":"max-video-preview:-1"},"canonical":"https:\/\/www.noz.fr\/en\/offres\/acheteur-negociateur-commercial-b2b-h-f-7\/","og_locale":"en_GB","og_type":"article","og_title":"Acheteur \/ N\u00e9gociateur Commercial B2B H\/F - Noz","og_description":"Vous cherchez \u00e0 int\u00e9grer une entreprise dynamique en qu\u00eate d\u2019expansion internationale ? Le go\u00fbt du challenge et le d\u00e9passement de soi sont des \u00e9l\u00e9ments qui vous animent au quotidien ? Contribuer \u00e0 la lutte contre le gaspillage et pousser notre soci\u00e9t\u00e9 \u00e0 davantage d\u2019\u00e9conomie circulaire sont des sujets qui vous touchent ? N\u2019attendez plus, lisez [&hellip;]","og_url":"https:\/\/www.noz.fr\/en\/offres\/acheteur-negociateur-commercial-b2b-h-f-7\/","og_site_name":"Noz","article_modified_time":"2026-04-30T07:30:12+00:00","twitter_card":"summary_large_image","twitter_misc":{"Estimated reading time":"2 minutes"},"schema":{"@context":"https:\/\/schema.org","@graph":[{"@type":"WebPage","@id":"https:\/\/www.noz.fr\/en\/offres\/acheteur-negociateur-commercial-b2b-h-f-7\/","url":"https:\/\/www.noz.fr\/en\/offres\/acheteur-negociateur-commercial-b2b-h-f-7\/","name":"Acheteur \/ N\u00e9gociateur Commercial B2B H\/F - Noz","isPartOf":{"@id":"https:\/\/www.noz.fr\/#website"},"datePublished":"2026-04-21T10:25:07+00:00","dateModified":"2026-04-30T07:30:12+00:00","breadcrumb":{"@id":"https:\/\/www.noz.fr\/en\/offres\/acheteur-negociateur-commercial-b2b-h-f-7\/#breadcrumb"},"inLanguage":"en-GB","potentialAction":[{"@type":"ReadAction","target":["https:\/\/www.noz.fr\/en\/offres\/acheteur-negociateur-commercial-b2b-h-f-7\/"]}]},{"@type":"BreadcrumbList","@id":"https:\/\/www.noz.fr\/en\/offres\/acheteur-negociateur-commercial-b2b-h-f-7\/#breadcrumb","itemListElement":[{"@type":"ListItem","position":1,"name":"Accueil","item":"https:\/\/www.noz.fr\/"},{"@type":"ListItem","position":2,"name":"Acheteur \/ N\u00e9gociateur Commercial B2B H\/F"}]},{"@type":"WebSite","@id":"https:\/\/www.noz.fr\/#website","url":"https:\/\/www.noz.fr\/","name":"Noz","description":"","potentialAction":[{"@type":"SearchAction","target":{"@type":"EntryPoint","urlTemplate":"https:\/\/www.noz.fr\/?s={search_term_string}"},"query-input":{"@type":"PropertyValueSpecification","valueRequired":true,"valueName":"search_term_string"}}],"inLanguage":"en-GB"}]}},"_links":{"self":[{"href":"https:\/\/www.noz.fr\/en\/wp-json\/wp\/v2\/job-listings\/130026","targetHints":{"allow":["GET"]}}],"collection":[{"href":"https:\/\/www.noz.fr\/en\/wp-json\/wp\/v2\/job-listings"}],"about":[{"href":"https:\/\/www.noz.fr\/en\/wp-json\/wp\/v2\/types\/job_listing"}],"wp:attachment":[{"href":"https:\/\/www.noz.fr\/en\/wp-json\/wp\/v2\/media?parent=130026"}],"wp:term":[{"taxonomy":"job_listing_category","embeddable":true,"href":"https:\/\/www.noz.fr\/en\/wp-json\/wp\/v2\/job-categories?post=130026"},{"taxonomy":"job_listing_type","embeddable":true,"href":"https:\/\/www.noz.fr\/en\/wp-json\/wp\/v2\/job-types?post=130026"},{"taxonomy":"departement","embeddable":true,"href":"https:\/\/www.noz.fr\/en\/wp-json\/wp\/v2\/departement?post=130026"},{"taxonomy":"metier","embeddable":true,"href":"https:\/\/www.noz.fr\/en\/wp-json\/wp\/v2\/metier?post=130026"},{"taxonomy":"region","embeddable":true,"href":"https:\/\/www.noz.fr\/en\/wp-json\/wp\/v2\/region?post=130026"},{"taxonomy":"secteur_dactivite","embeddable":true,"href":"https:\/\/www.noz.fr\/en\/wp-json\/wp\/v2\/secteur_dactivite?post=130026"}],"curies":[{"name":"wp","href":"https:\/\/api.w.org\/{rel}","templated":true}]}}