{"id":568,"date":"2023-06-12T14:05:32","date_gmt":"2023-06-12T12:05:32","guid":{"rendered":"https:\/\/noz.ae2agence.ovh\/?page_id=568"},"modified":"2024-05-31T12:10:18","modified_gmt":"2024-05-31T10:10:18","slug":"politique-de-confidentialite","status":"publish","type":"page","link":"https:\/\/www.noz.fr\/en\/politique-de-confidentialite\/","title":{"rendered":"Privacy Policy"},"content":{"rendered":"\n<style type=\"text\/css\" data-created_by=\"avia_inline_auto\" id=\"style-css-av-jfq94-3664a613abea3465a123c23be10d8e97\">\n.avia-section.av-jfq94-3664a613abea3465a123c23be10d8e97{\nmargin-top:50px;\nmargin-bottom:-90px;\n}\n<\/style>\n<div id='av_section_1'  class='avia-section av-jfq94-3664a613abea3465a123c23be10d8e97 main_color avia-section-default avia-no-border-styling  avia-builder-el-0  el_before_av_section  avia-builder-el-first  container-filariane avia-bg-style-scroll container_wrap fullsize'  ><div class='container av-section-cont-open' ><main  role=\"main\" itemprop=\"mainContentOfPage\"  class='template-page content  av-content-full alpha units'><div class='post-entry post-entry-type-page post-entry-568'><div class='entry-content-wrapper clearfix'>\n<div  class='flex_column av-f7alk-9b26fbebbab6bef4407813d1b9d55c22 av_one_full  avia-builder-el-1  avia-builder-el-no-sibling  first flex_column_div  '     ><\/div>\n\n<\/div><\/div><\/main><!-- close content main element --><\/div><\/div><div id='av_section_2'  class='avia-section av-likac9qp-0727d140fc8401a0be20af0fdbd4bf37 main_color avia-section-default avia-no-border-styling  avia-builder-el-3  el_after_av_section  el_before_av_section  top-header-type-img-title avia-bg-style-scroll container_wrap fullsize'  ><div class='container av-section-cont-open' ><div class='template-page content  av-content-full alpha units'><div class='post-entry post-entry-type-page post-entry-568'><div class='entry-content-wrapper clearfix'>\n<div class='flex_column_table av-lika5gpu-b97619ae101cae0828169f7c56d9cac2 sc-av_one_half av-mobile-columns-flex av-columns-reverse av-equal-height-column-flextable'>\n<style type=\"text\/css\" data-created_by=\"avia_inline_auto\" id=\"style-css-av-lika5gpu-b97619ae101cae0828169f7c56d9cac2\">\n.flex_column.av-lika5gpu-b97619ae101cae0828169f7c56d9cac2{\nbackground:url(https:\/\/www.noz.fr\/uploads\/2023\/09\/noz-politique-confidentialite.jpg) 50% 50% no-repeat scroll ;\n}\n<\/style>\n<div  class='flex_column av-lika5gpu-b97619ae101cae0828169f7c56d9cac2 av_one_half  avia-builder-el-4  el_before_av_one_half  avia-builder-el-first  first no_margin flex_column_table_cell av-equal-height-column av-align-top avia-full-stretch  '     ><\/div>\n<style type=\"text\/css\" data-created_by=\"avia_inline_auto\" id=\"style-css-av-likal0rh-13d0997efd254f8073a95664b7547c2c\">\n.flex_column.av-likal0rh-13d0997efd254f8073a95664b7547c2c{\nbackground-color:#c9d6ec;\n}\n<\/style>\n<div  class='flex_column av-likal0rh-13d0997efd254f8073a95664b7547c2c av_one_half  avia-builder-el-5  el_after_av_one_half  avia-builder-el-last  no_margin flex_column_table_cell av-equal-height-column av-align-top  '     ><p><section  class='av_textblock_section av-lika5t4i-acdf85ac78410de798552679aadc9308 '   itemscope=\"itemscope\" itemtype=\"https:\/\/schema.org\/CreativeWork\" ><div class='avia_textblock top-header-picto'  itemprop=\"text\" ><p><img loading=\"lazy\" decoding=\"async\" class=\"alignnone size-full wp-image-31\" src=\"http:\/\/www.noz.fr\/uploads\/2023\/06\/illu-etoile-noz.svg\" alt=\"\" width=\"113\" height=\"119\" \/><\/p>\n<\/div><\/section><br \/>\n<section  class='av_textblock_section av-lika6ich-4eabe23656bd7662218008893a64739c '   itemscope=\"itemscope\" itemtype=\"https:\/\/schema.org\/CreativeWork\" ><div class='avia_textblock top-header-hn'  itemprop=\"text\" ><h1>Politique de confidentialit\u00e9<\/h1>\n<\/div><\/section><br \/>\n<section  class='av_textblock_section av-lika6vaz-9506950ed30353130bf32b356488ba7f '   itemscope=\"itemscope\" itemtype=\"https:\/\/schema.org\/CreativeWork\" ><div class='avia_textblock top-header-subtitle'  itemprop=\"text\" ><\/div><\/section><\/p><\/div><\/div><!--close column table wrapper. Autoclose: 1 -->\n\n<\/div><\/div><\/div><!-- close content main div --><\/div><\/div>\n<style type=\"text\/css\" data-created_by=\"avia_inline_auto\" id=\"style-css-av-likb69yg-261d88387d7762551cdf82bebc121849\">\n.avia-section.av-likb69yg-261d88387d7762551cdf82bebc121849{\nmargin-top:-50px;\nmargin-bottom:0px;\n}\n<\/style>\n<div id='av_section_3'  class='avia-section av-likb69yg-261d88387d7762551cdf82bebc121849 main_color avia-section-default avia-no-border-styling  avia-builder-el-9  el_after_av_section  avia-builder-el-last  avia-bg-style-scroll container_wrap fullsize'  ><div class='container av-section-cont-open' ><div class='template-page content  av-content-full alpha units'><div class='post-entry post-entry-type-page post-entry-568'><div class='entry-content-wrapper clearfix'>\n<div  class='flex_column av-18m90k-9b42c6788d8d21af5520e1e5f9553567 av_one_full  avia-builder-el-10  avia-builder-el-no-sibling  first flex_column_div  '     ><section  class='av_textblock_section av-likadi61-c91a15feeb577aa4038a8137341b3024 '   itemscope=\"itemscope\" itemtype=\"https:\/\/schema.org\/CreativeWork\" ><div class='avia_textblock title-hn-content'  itemprop=\"text\" ><h2>Traitement des donn\u00e9es \u00e0 caract\u00e8re personnel<\/h2>\n<\/div><\/section><br \/>\n<section  class='av_textblock_section av-likchrh4-87bf3863f710f8f2d6320faceb7f6660 '   itemscope=\"itemscope\" itemtype=\"https:\/\/schema.org\/CreativeWork\" ><div class='avia_textblock'  itemprop=\"text\" ><p>La soci\u00e9t\u00e9 S.F.N, sise ZA Le Ch\u00e2tellier II, 5 et 17 rue de Corbusson, \u00e0 SAINT-BERTHEVIN (53940), et l\u2019ensemble de ses filiales, franchis\u00e9s et partenaires privil\u00e9gi\u00e9s (appel\u00e9s collectivement \u00ab Responsable de traitement \u00bb) portent une attention particuli\u00e8re \u00e0 la protection des donn\u00e9es \u00e0 caract\u00e8re personnel de leurs salari\u00e9s, mandataires, clients et partenaires commerciaux, dans le respect du R\u00e8glement G\u00e9n\u00e9ral sur la Protection des Donn\u00e9es (RGPD) et de la loi Informatique et Libert\u00e9s en vigueur.<\/p>\n<p>Cette note a pour objet d&rsquo;expliquer la politique de protection des donn\u00e9es \u00e0 caract\u00e8re personnel en tant que Responsable de Traitement des donn\u00e9es \u00e0 caract\u00e8re personnel relatives <strong>aux utilisateurs du site NOZ.FR et\/ou de tout site affili\u00e9<\/strong> (appel\u00e9s collectivement \u00ab\u00a0Utilisateurs NOZ.FR\u00a0\u00bb), notamment les clients des magasins de l\u2019enseigne \u00ab\u00a0NOZ\u00a0\u00bb (ci-apr\u00e8s \u00ab\u00a0clients NOZ\u00a0\u00bb) et les candidats au recrutement pour les offres pr\u00e9sent\u00e9es par la soci\u00e9t\u00e9 TALENT SELECTION [sise ZA Le Ch\u00e2tellier II, 5 et 17 rue de Corbusson, \u00e0 SAINT-BERTHEVIN (53940)] pour le compte du Responsable de traitement (ci-apr\u00e8s \u00ab\u00a0candidats NOZ\u00a0\u00bb).<\/p>\n<ol>\n<li><strong>Cat\u00e9gories de donn\u00e9es \u00e0 caract\u00e8re personnel trait\u00e9es et sources de la collecte <\/strong><\/li>\n<\/ol>\n<p>Le Responsable de traitement ne collecte que les donn\u00e9es \u00e0 caract\u00e8re personnel que vous lui fournissez.<\/p>\n<p>La liste des cat\u00e9gories de donn\u00e9es \u00e0 caract\u00e8re personnel trait\u00e9e par le Responsable de traitement en fonction de votre statut est disponible en annexe I.<\/p>\n<ol start=\"2\">\n<li><strong>Finalit\u00e9s de traitement et base l\u00e9gale <\/strong><\/li>\n<\/ol>\n<p>Vos donn\u00e9es \u00e0 caract\u00e8re personnel sont trait\u00e9es pour les finalit\u00e9s d\u00e9finies en annexe I, en fonction de votre statut.<\/p>\n<p>Pour chaque activit\u00e9 de traitement, le Responsable de traitement s\u2019appuie sur l\u2019une des bases l\u00e9gales suivantes\u00a0:<\/p>\n<ul>\n<li>La conclusion et\/ou l\u2019ex\u00e9cution de la relation contractuelle \/ commerciale\u00a0avec vous (lorsque la transmission est strictement n\u00e9cessaire au processus)\u00a0;<\/li>\n<li>L\u2019int\u00e9r\u00eat l\u00e9gitime du Responsable de traitement ou d\u2019autres tiers (ex\u00a0: autorit\u00e9s administratives, tribunaux), en fonction des finalit\u00e9s (s\u00e9curit\u00e9, communication, fid\u00e9lisation, prospection\u2026)\u00a0;<\/li>\n<li>Le respect des obligations l\u00e9gales\u00a0;<\/li>\n<li>Votre consentement, si aucune base l\u00e9gale pr\u00e9cit\u00e9e ne s\u2019applique.<\/li>\n<\/ul>\n<ol start=\"3\">\n<li><strong>Cat\u00e9gories de destinataires <\/strong><\/li>\n<\/ol>\n<p>Tout acc\u00e8s \u00e0 vos donn\u00e9es \u00e0 caract\u00e8re personnel est limit\u00e9 aux personnes qui ont besoin de les conna\u00eetre, afin de s&rsquo;acquitter de leurs responsabilit\u00e9s professionnelles.<\/p>\n<p>Le Responsable de traitement est amen\u00e9 \u00e0 engager des prestataires de services, agissant en qualit\u00e9 de sous-traitants au sens de la r\u00e9glementation applicable, afin de lui fournir un support (administratif, informatique\u2026). Ces sous-traitants, li\u00e9 au Responsable de traitement par un partenariat p\u00e9renne et encadr\u00e9, agissent selon les instructions de ce dernier. Le Responsable de traitement limite leur acc\u00e8s \u00e0 vos donn\u00e9es \u00e0 caract\u00e8re personnel \u00e0 ce qui est strictement n\u00e9cessaire pour fournir de tels services.<\/p>\n<p>Ces sous-traitants, situ\u00e9s au sein de l\u2019Union Europ\u00e9enne, sont susceptibles de faire appel \u00e0 des sous-traitants et\/ou filiales situ\u00e9s dans un pays tiers (Moldavie, Ukraine, Tunisie, Maroc). Ces transferts sont syst\u00e9matiquement encadr\u00e9s par les clauses contractuelles types r\u00e9dig\u00e9es par la Commission Europ\u00e9enne, disponibles dans la <a href=\"https:\/\/eur-lex.europa.eu\/eli\/dec_impl\/2021\/914\/oj?uri=CELEX:32021D0914&amp;locale=fr\">d\u00e9cision d\u2019ex\u00e9cution (UE) 2021 \/ 914<\/a>. Ces clauses contractuelles types (CCT) constituent une des garanties appropri\u00e9es pour le transfert des donn\u00e9es \u00e0 caract\u00e8re personnel vers un pays tiers, au regard de l\u2019article 46 du R\u00e8glement (UE) 2016\/679 du 27 avril 2016 (dit \u00ab\u00a0RGPD\u00a0\u00bb).<\/p>\n<p><strong>\u00a0<\/strong><\/p>\n<p>Le Responsable de traitement peut \u00e9galement \u00eatre amen\u00e9e \u00e0 communiquer vos donn\u00e9es \u00e0 caract\u00e8re personnel aux autorit\u00e9s gouvernementales, tribunaux, conseillers externes et tiers similaires lorsque cela est exig\u00e9 ou autoris\u00e9 par la loi applicable.<\/p>\n<ol start=\"4\">\n<li><strong>P\u00e9riode de conservation <\/strong><\/li>\n<\/ol>\n<p>Vos donn\u00e9es \u00e0 caract\u00e8re personnel sont conserv\u00e9es pendant la dur\u00e9e d\u00e9finie en annexe I, en fonction de votre statut. Le stockage est r\u00e9alis\u00e9 dans la mesure o\u00f9 cela est n\u00e9cessaire au Responsable de traitement pour la r\u00e9alisation de ses obligations et pour la dur\u00e9e n\u00e9cessaire \u00e0 l\u2019atteinte des finalit\u00e9s pour lesquelles les informations sont collect\u00e9es, toujours dans le respect de la r\u00e9glementation applicable.<\/p>\n<p>Lorsque le Responsable de traitement n&rsquo;a plus besoin d&rsquo;utiliser vos donn\u00e9es \u00e0 caract\u00e8re personnel pour se conformer aux obligations contractuelles ou l\u00e9gales (notamment en mati\u00e8re de prescription) ou pour son int\u00e9r\u00eat l\u00e9gitime, les donn\u00e9es seront supprim\u00e9es et\/ou anonymis\u00e9es.<\/p>\n<ol start=\"5\">\n<li><strong>Prise de d\u00e9cision automatis\u00e9e <\/strong><\/li>\n<\/ol>\n<p>Le Responsable de traitement ne met pas en \u0153uvre de processus de prise de d\u00e9cision automatis\u00e9e dans le cadre des traitements faisant l\u2019objet de la pr\u00e9sente note.<\/p>\n<ol start=\"6\">\n<li><strong>Vos droits <\/strong><\/li>\n<\/ol>\n<p>Vous disposez d\u2019un droit d&rsquo;acc\u00e8s, de rectification, de modification ou de suppression \u00e0 tout moment des informations vous concernant et qui sont d\u00e9tenues par le Responsable de traitement.<\/p>\n<p>Le cas \u00e9ch\u00e9ant, les droits de suppression peuvent s\u2019exercer \u00e0 tout moment selon les modalit\u00e9s pr\u00e9vues \u00e0 la fin des mails de newsletter et\/ou de prospection commerciale.<\/p>\n<p>Toute autre demande peut \u00eatre adress\u00e9e au Responsable de traitement via l\u2019adresse de contact vis\u00e9e \u00e0 l\u2019article 9.<\/p>\n<p>Si vous estimez, apr\u00e8s \u00e9changes avec l\u2019adresse de contact pr\u00e9cit\u00e9e, que vos droits ne sont pas respect\u00e9s, vous pouvez adresser une r\u00e9clamation \u00e0 la CNIL.<\/p>\n<ol start=\"7\">\n<li><strong>S\u00e9curit\u00e9 en mati\u00e8re de donn\u00e9es \u00e0 caract\u00e8re personnel <\/strong><\/li>\n<\/ol>\n<p>Le Responsable de traitement maintient les garanties de s\u00e9curit\u00e9 appropri\u00e9es, y compris les mesures raisonnables de s\u00e9curit\u00e9 physiques, organisationnelles et techniques, afin de prot\u00e9ger ses bases de donn\u00e9es contre tout acc\u00e8s non autoris\u00e9, divulgation, modification ou destruction.<\/p>\n<ol start=\"8\">\n<li><strong>Modification de la pr\u00e9sente note<\/strong><\/li>\n<\/ol>\n<p>Le Responsable de traitement se r\u00e9serve le droit de modifier la pr\u00e9sente. Les modifications seront publi\u00e9es et\/ou communiqu\u00e9es par tout moyen utile aux personnes concern\u00e9es.<\/p>\n<ol start=\"9\">\n<li><strong>Contact <\/strong><\/li>\n<\/ol>\n<p>Si vous avez des questions sur la pr\u00e9sente note et\/ou sur vos droits, veuillez contacter : <a href=\"mailto:rgpd@noz.fr\">rgpd@noz.fr<\/a><\/p>\n<p><strong>Annexe I\u00a0\u2013 Traitement, donn\u00e9es \u00e0 caract\u00e8re personnel et personnes concern\u00e9es <\/strong><\/p>\n<p><strong>\u00a0<\/strong><\/p>\n<p><strong>Partie 1\u00a0: donn\u00e9es \u00e0 caract\u00e8re personnel des clients NOZ\u00a0(newsletter nozarrivages)<\/strong><\/p>\n<table>\n<tbody>\n<tr>\n<td width=\"255\"><strong>Nature et finalit\u00e9 du traitement<\/strong><\/td>\n<td width=\"349\">Newsletter nozarrivages dans un objectif de publicit\u00e9 pour les magasins \u00e0 enseigne \u00ab\u00a0NOZ\u00a0\u00bb<\/td>\n<\/tr>\n<tr>\n<td width=\"255\"><strong>Dur\u00e9e du traitement<\/strong><\/td>\n<td width=\"349\">Jusqu\u2019\u00e0 d\u00e9sinscription<\/td>\n<\/tr>\n<tr>\n<td width=\"255\"><strong>Types de donn\u00e9es \u00e0 caract\u00e8re personnel<\/strong><\/td>\n<td width=\"349\">Adresse mail (obligatoire)<\/p>\n<p>Nom, pr\u00e9nom, num\u00e9ro de t\u00e9l\u00e9phone (facultatif)<\/td>\n<\/tr>\n<tr>\n<td width=\"255\"><strong>Cat\u00e9gories de personnes concern\u00e9es <\/strong><\/td>\n<td width=\"349\">Clients NOZ inscrits \u00e0 la newsletter<\/td>\n<\/tr>\n<\/tbody>\n<\/table>\n<p><strong>\u00a0<\/strong><\/p>\n<p><strong>\u00a0<\/strong><\/p>\n<p><strong>Partie 2\u00a0: donn\u00e9es \u00e0 caract\u00e8re personnel des clients NOZ\u00a0(d\u00e9mat\u00e9rialisation des tickets de caisse)<\/strong><\/p>\n<table>\n<tbody>\n<tr>\n<td width=\"255\"><strong>Nature et finalit\u00e9 du traitement<\/strong><\/td>\n<td width=\"349\">Transmission du ticket de caisse par voie d\u00e9mat\u00e9rialis\u00e9e (fin de l\u2019impression syst\u00e9matique du ticket de caisse, conform\u00e9ment \u00e0 la loi dite \u00ab\u00a0AGEC\u00a0\u00bb)<\/td>\n<\/tr>\n<tr>\n<td width=\"255\"><strong>Dur\u00e9e du traitement<\/strong><\/td>\n<td width=\"349\">Utilisation imm\u00e9diate de l\u2019adresse mail pour l\u2019envoi du ticket de caisse<\/p>\n<p>Stockage en archivage interm\u00e9diaire pendant 2 ans maximum pour la gestion des \u00e9ventuelles demandes de retour, selon les r\u00e8gles commerciales \u00e9tablies ou selon les r\u00e8gles l\u00e9gales (application de la garantie l\u00e9gale de conformit\u00e9)<\/td>\n<\/tr>\n<tr>\n<td width=\"255\"><strong>Types de donn\u00e9es \u00e0 caract\u00e8re personnel<\/strong><\/td>\n<td width=\"349\">Adresse mail, magasin \u00ab\u00a0de rattachement\u00a0\u00bb<\/td>\n<\/tr>\n<tr>\n<td width=\"255\"><strong>Cat\u00e9gories de personnes concern\u00e9es <\/strong><\/td>\n<td width=\"349\">Clients NOZ ayant renseign\u00e9 leur adresse mail pour recevoir leur ticket de caisse d\u00e9mat\u00e9rialis\u00e9<\/td>\n<\/tr>\n<\/tbody>\n<\/table>\n<p><strong>\u00a0<\/strong><\/p>\n<p><strong>\u00a0<\/strong><\/p>\n<p><strong>Partie 3\u00a0: donn\u00e9es \u00e0 caract\u00e8re personnel des clients NOZ\u00a0(prospection commerciale)<\/strong><\/p>\n<table>\n<tbody>\n<tr>\n<td width=\"255\"><strong>Nature et finalit\u00e9 du traitement<\/strong><\/td>\n<td width=\"349\">Prospection commerciale<\/td>\n<\/tr>\n<tr>\n<td width=\"255\"><strong>Dur\u00e9e du traitement<\/strong><\/td>\n<td width=\"349\">Jusqu\u2019\u00e0 d\u00e9sinscription<\/td>\n<\/tr>\n<tr>\n<td width=\"255\"><strong>Types de donn\u00e9es \u00e0 caract\u00e8re personnel<\/strong><\/td>\n<td width=\"349\">Adresse mail, \u00ab\u00a0magasin de rattachement\u00a0\u00bb<\/td>\n<\/tr>\n<tr>\n<td width=\"255\"><strong>Cat\u00e9gories de personnes concern\u00e9es <\/strong><\/td>\n<td width=\"349\">Clients NOZ de la partie 2\u00a0n\u2019ayant pas formul\u00e9 d\u2019opposition \u00e0 ce traitement<\/td>\n<\/tr>\n<\/tbody>\n<\/table>\n<p><strong>\u00a0<\/strong><\/p>\n<p><strong>\u00a0<\/strong><\/p>\n<p><strong>Partie 4\u00a0: donn\u00e9es \u00e0 caract\u00e8re personnel des clients NOZ (utilisateurs du service client NOZ)<\/strong><\/p>\n<table>\n<tbody>\n<tr>\n<td width=\"255\"><strong>Nature et finalit\u00e9 du traitement<\/strong><\/td>\n<td width=\"349\">Traitement des r\u00e9clamations provenant des clients NOZ suite \u00e0 un incident (ex\u00a0: produits d\u00e9fectueux, blessures, probl\u00e8me d\u2019affichage des prix\u2026) ou via le formulaire de contact du site noz.fr<\/td>\n<\/tr>\n<tr>\n<td width=\"255\"><strong>Dur\u00e9e du traitement<\/strong><\/td>\n<td width=\"349\">Dur\u00e9e de traitement de la r\u00e9clamation + 6 mois<\/p>\n<p>Dans certains cas, conservation jusqu\u2019\u00e0 la fin de la dur\u00e9e de prescription l\u00e9gale (10 ans pour les dommages corporels\u00a0; 2 ans \u00e0 compter de l\u2019achat pour l\u2019application de la garantie l\u00e9gale de conformit\u00e9\u00a0; 5 ans en droit commun)<\/td>\n<\/tr>\n<tr>\n<td width=\"255\"><strong>Types de donn\u00e9es \u00e0 caract\u00e8re personnel<\/strong><\/td>\n<td width=\"349\"><u>Identification et coordonn\u00e9es<\/u>\u00a0:<\/p>\n<p>A minima\u00a0: nom, pr\u00e9nom, adresse mail et\/ou num\u00e9ro de t\u00e9l\u00e9phone<\/p>\n<p>Dans certains cas\u00a0: date et lieu de naissance<\/p>\n<p><u>\u00a0<\/u><\/p>\n<p><u>Autres donn\u00e9es<\/u>\u00a0: dans le cas de dommages corporels, des donn\u00e9es li\u00e9es aux prestations de soins de sant\u00e9 peuvent \u00eatre n\u00e9cessaires.<\/td>\n<\/tr>\n<tr>\n<td width=\"255\"><strong>Cat\u00e9gories de personnes concern\u00e9es <\/strong><\/td>\n<td width=\"349\">Clients NOZ \/ personnes externes \u00e0 la soci\u00e9t\u00e9 faisant appel au service client NOZ<\/td>\n<\/tr>\n<\/tbody>\n<\/table>\n<p><strong>\u00a0<\/strong><\/p>\n<p><strong>\u00a0<\/strong><\/p>\n<p><strong>Partie 5\u00a0: Recrutement et traitement des candidatures des candidats NOZ <\/strong><\/p>\n<table>\n<tbody>\n<tr>\n<td width=\"255\"><strong>Nature et finalit\u00e9 du traitement<\/strong><\/td>\n<td width=\"349\">Traitement des candidatures<\/p>\n<p>Recrutement (gestion du processus, conduite des entretiens\u2026)<\/td>\n<\/tr>\n<tr>\n<td width=\"255\"><strong>Dur\u00e9e du traitement<\/strong><\/td>\n<td width=\"349\">Destruction imm\u00e9diate pour les candidats non retenus<\/p>\n<p>2 ans \u00e0 compter du dernier contact avec le candidat<\/p>\n<p>4 ans en archivage interm\u00e9diaire, en cas de recours juridictionnel<\/td>\n<\/tr>\n<tr>\n<td width=\"255\"><strong>Types de donn\u00e9es \u00e0 caract\u00e8re personnel<\/strong><\/td>\n<td width=\"349\">Identit\u00e9, informations figurant dans le curriculum vitae (CV), coordonn\u00e9es (adresse mail et\/ou num\u00e9ro de t\u00e9l\u00e9phone), informations relatives au processus de recrutement (dates d\u2019entretiens, positionnement salarial, suites donn\u00e9es \u00e0 la candidature, type et dur\u00e9e de contrat propos\u00e9s\u2026).<\/td>\n<\/tr>\n<tr>\n<td width=\"255\"><strong>Cat\u00e9gories de personnes concern\u00e9es <\/strong><\/td>\n<td width=\"349\">Salari\u00e9s, stagiaires, apprentis, personnes ayant pr\u00e9sent\u00e9 une candidature \u00e0 un emploi, \u00e0 un stage ou \u00e0 toute autre opportunit\u00e9 professionnelle ayant fait l\u2019objet d\u2019une offre.<\/td>\n<\/tr>\n<\/tbody>\n<\/table>\n<div id=\"matomo-opt-out\"><\/div>\n<p><script src=\"https:\/\/www.noz.fr\/analytics\/matomonoz\/index.php?module=CoreAdminHome&#038;action=optOutJS&#038;divId=matomo-opt-out&#038;language=auto&#038;showIntro=1\"><\/script><\/p>\n<\/div><\/section><\/p><\/div>\n","protected":false},"excerpt":{"rendered":"","protected":false},"author":1,"featured_media":0,"parent":0,"menu_order":0,"comment_status":"closed","ping_status":"closed","template":"","meta":{"_acf_changed":false,"inline_featured_image":false,"footnotes":"","_links_to":"","_links_to_target":""},"class_list":["post-568","page","type-page","status-publish","hentry"],"acf":[],"yoast_head":"<!-- This site is optimized with the Yoast SEO plugin v27.5 - https:\/\/yoast.com\/product\/yoast-seo-wordpress\/ -->\n<title>Politique de confidentialit\u00e9 - Noz<\/title>\n<meta name=\"robots\" content=\"index, follow, max-snippet:-1, max-image-preview:large, max-video-preview:-1\" \/>\n<link rel=\"canonical\" href=\"https:\/\/www.noz.fr\/en\/politique-de-confidentialite\/\" \/>\n<meta property=\"og:locale\" content=\"en_GB\" \/>\n<meta property=\"og:type\" content=\"article\" \/>\n<meta property=\"og:title\" content=\"Politique de confidentialit\u00e9 - Noz\" \/>\n<meta property=\"og:url\" content=\"https:\/\/www.noz.fr\/en\/politique-de-confidentialite\/\" \/>\n<meta property=\"og:site_name\" content=\"Noz\" \/>\n<meta property=\"article:modified_time\" content=\"2024-05-31T10:10:18+00:00\" \/>\n<meta property=\"og:image\" content=\"http:\/\/www.noz.fr\/uploads\/2023\/06\/illu-etoile-noz.svg\" \/>\n<meta name=\"twitter:card\" content=\"summary_large_image\" \/>\n<meta name=\"twitter:label1\" content=\"Estimated reading time\" \/>\n\t<meta name=\"twitter:data1\" content=\"8 minutes\" \/>\n<script type=\"application\/ld+json\" class=\"yoast-schema-graph\">{\"@context\":\"https:\\\/\\\/schema.org\",\"@graph\":[{\"@type\":\"WebPage\",\"@id\":\"https:\\\/\\\/www.noz.fr\\\/politique-de-confidentialite\\\/\",\"url\":\"https:\\\/\\\/www.noz.fr\\\/politique-de-confidentialite\\\/\",\"name\":\"Politique de confidentialit\u00e9 - Noz\",\"isPartOf\":{\"@id\":\"https:\\\/\\\/www.noz.fr\\\/#website\"},\"primaryImageOfPage\":{\"@id\":\"https:\\\/\\\/www.noz.fr\\\/politique-de-confidentialite\\\/#primaryimage\"},\"image\":{\"@id\":\"https:\\\/\\\/www.noz.fr\\\/politique-de-confidentialite\\\/#primaryimage\"},\"thumbnailUrl\":\"http:\\\/\\\/www.noz.fr\\\/uploads\\\/2023\\\/06\\\/illu-etoile-noz.svg\",\"datePublished\":\"2023-06-12T12:05:32+00:00\",\"dateModified\":\"2024-05-31T10:10:18+00:00\",\"breadcrumb\":{\"@id\":\"https:\\\/\\\/www.noz.fr\\\/politique-de-confidentialite\\\/#breadcrumb\"},\"inLanguage\":\"en-GB\",\"potentialAction\":[{\"@type\":\"ReadAction\",\"target\":[\"https:\\\/\\\/www.noz.fr\\\/politique-de-confidentialite\\\/\"]}]},{\"@type\":\"ImageObject\",\"inLanguage\":\"en-GB\",\"@id\":\"https:\\\/\\\/www.noz.fr\\\/politique-de-confidentialite\\\/#primaryimage\",\"url\":\"http:\\\/\\\/www.noz.fr\\\/uploads\\\/2023\\\/06\\\/illu-etoile-noz.svg\",\"contentUrl\":\"http:\\\/\\\/www.noz.fr\\\/uploads\\\/2023\\\/06\\\/illu-etoile-noz.svg\"},{\"@type\":\"BreadcrumbList\",\"@id\":\"https:\\\/\\\/www.noz.fr\\\/politique-de-confidentialite\\\/#breadcrumb\",\"itemListElement\":[{\"@type\":\"ListItem\",\"position\":1,\"name\":\"Accueil\",\"item\":\"https:\\\/\\\/www.noz.fr\\\/\"},{\"@type\":\"ListItem\",\"position\":2,\"name\":\"Politique de confidentialit\u00e9\"}]},{\"@type\":\"WebSite\",\"@id\":\"https:\\\/\\\/www.noz.fr\\\/#website\",\"url\":\"https:\\\/\\\/www.noz.fr\\\/\",\"name\":\"Noz\",\"description\":\"\",\"potentialAction\":[{\"@type\":\"SearchAction\",\"target\":{\"@type\":\"EntryPoint\",\"urlTemplate\":\"https:\\\/\\\/www.noz.fr\\\/?s={search_term_string}\"},\"query-input\":{\"@type\":\"PropertyValueSpecification\",\"valueRequired\":true,\"valueName\":\"search_term_string\"}}],\"inLanguage\":\"en-GB\"}]}<\/script>\n<!-- \/ Yoast SEO plugin. -->","yoast_head_json":{"title":"Politique de confidentialit\u00e9 - Noz","robots":{"index":"index","follow":"follow","max-snippet":"max-snippet:-1","max-image-preview":"max-image-preview:large","max-video-preview":"max-video-preview:-1"},"canonical":"https:\/\/www.noz.fr\/en\/politique-de-confidentialite\/","og_locale":"en_GB","og_type":"article","og_title":"Politique de confidentialit\u00e9 - Noz","og_url":"https:\/\/www.noz.fr\/en\/politique-de-confidentialite\/","og_site_name":"Noz","article_modified_time":"2024-05-31T10:10:18+00:00","og_image":[{"url":"http:\/\/www.noz.fr\/uploads\/2023\/06\/illu-etoile-noz.svg","type":"","width":"","height":""}],"twitter_card":"summary_large_image","twitter_misc":{"Estimated reading time":"8 minutes"},"schema":{"@context":"https:\/\/schema.org","@graph":[{"@type":"WebPage","@id":"https:\/\/www.noz.fr\/politique-de-confidentialite\/","url":"https:\/\/www.noz.fr\/politique-de-confidentialite\/","name":"Politique de confidentialit\u00e9 - Noz","isPartOf":{"@id":"https:\/\/www.noz.fr\/#website"},"primaryImageOfPage":{"@id":"https:\/\/www.noz.fr\/politique-de-confidentialite\/#primaryimage"},"image":{"@id":"https:\/\/www.noz.fr\/politique-de-confidentialite\/#primaryimage"},"thumbnailUrl":"http:\/\/www.noz.fr\/uploads\/2023\/06\/illu-etoile-noz.svg","datePublished":"2023-06-12T12:05:32+00:00","dateModified":"2024-05-31T10:10:18+00:00","breadcrumb":{"@id":"https:\/\/www.noz.fr\/politique-de-confidentialite\/#breadcrumb"},"inLanguage":"en-GB","potentialAction":[{"@type":"ReadAction","target":["https:\/\/www.noz.fr\/politique-de-confidentialite\/"]}]},{"@type":"ImageObject","inLanguage":"en-GB","@id":"https:\/\/www.noz.fr\/politique-de-confidentialite\/#primaryimage","url":"http:\/\/www.noz.fr\/uploads\/2023\/06\/illu-etoile-noz.svg","contentUrl":"http:\/\/www.noz.fr\/uploads\/2023\/06\/illu-etoile-noz.svg"},{"@type":"BreadcrumbList","@id":"https:\/\/www.noz.fr\/politique-de-confidentialite\/#breadcrumb","itemListElement":[{"@type":"ListItem","position":1,"name":"Accueil","item":"https:\/\/www.noz.fr\/"},{"@type":"ListItem","position":2,"name":"Politique de confidentialit\u00e9"}]},{"@type":"WebSite","@id":"https:\/\/www.noz.fr\/#website","url":"https:\/\/www.noz.fr\/","name":"Noz","description":"","potentialAction":[{"@type":"SearchAction","target":{"@type":"EntryPoint","urlTemplate":"https:\/\/www.noz.fr\/?s={search_term_string}"},"query-input":{"@type":"PropertyValueSpecification","valueRequired":true,"valueName":"search_term_string"}}],"inLanguage":"en-GB"}]}},"_links":{"self":[{"href":"https:\/\/www.noz.fr\/en\/wp-json\/wp\/v2\/pages\/568","targetHints":{"allow":["GET"]}}],"collection":[{"href":"https:\/\/www.noz.fr\/en\/wp-json\/wp\/v2\/pages"}],"about":[{"href":"https:\/\/www.noz.fr\/en\/wp-json\/wp\/v2\/types\/page"}],"author":[{"embeddable":true,"href":"https:\/\/www.noz.fr\/en\/wp-json\/wp\/v2\/users\/1"}],"replies":[{"embeddable":true,"href":"https:\/\/www.noz.fr\/en\/wp-json\/wp\/v2\/comments?post=568"}],"version-history":[{"count":0,"href":"https:\/\/www.noz.fr\/en\/wp-json\/wp\/v2\/pages\/568\/revisions"}],"wp:attachment":[{"href":"https:\/\/www.noz.fr\/en\/wp-json\/wp\/v2\/media?parent=568"}],"curies":[{"name":"wp","href":"https:\/\/api.w.org\/{rel}","templated":true}]}}