{"id":129645,"date":"2026-02-27T11:12:14","date_gmt":"2026-04-18T21:20:20","guid":{"rendered":"https:\/\/www.noz.fr\/?post_type=job_listing&#038;p=129645"},"modified":"2026-04-30T09:05:24","modified_gmt":"2026-04-30T07:05:24","slug":"responsable-de-plateforme-logistique-mobile-france-h-f-14","status":"publish","type":"job_listing","link":"https:\/\/www.noz.fr\/es\/offres\/responsable-de-plateforme-logistique-mobile-france-h-f-14\/","title":{"rendered":"Responsable de plateforme logistique mobile France H\/F"},"content":{"rendered":"<p>NOZ, un esprit, des talents &#8211; recrute ses futurs collaborateurs !<\/p>\n<p>&nbsp;<\/p>\n<p><em>Envie de rejoindre un projet ambitieux ?<\/em><\/p>\n<p>&nbsp;<\/p>\n<p>L&rsquo;Univers NOZ, leader europ\u00e9en du d\u00e9stockage, plus de 6800 personnes dans le monde, 350 magasins France, en croissance r\u00e9guli\u00e8re depuis 1976 et encore plus forte ces deux derni\u00e8res ann\u00e9es. Nous continuons de grandir et de nous d\u00e9velopper \u00e0 l\u2019international avec pour ambition de devenir n\u00b01 mondial du d\u00e9stockage.<\/p>\n<p>&nbsp;<\/p>\n<p><strong>Ce qui vous attend dans l\u2019Univers NOZ :<\/strong><\/p>\n<p>&nbsp;<\/p>\n<p style=\"text-align:justify\">\u00b7&nbsp;&nbsp;&nbsp;&nbsp;&nbsp;&nbsp;&nbsp; Impact environnemental positif : Lutter contre le gaspillage et revaloriser les invendus en bonnes affaires.<\/p>\n<p style=\"text-align:justify\">.        Une entreprise en \u00e9volution, qui valorise la prise d\u2019initiative, la r\u00e9activit\u00e9 et l\u2019engagement.<\/p>\n<p style=\"text-align:justify\">\u00b7&nbsp;&nbsp;&nbsp;&nbsp;&nbsp;&nbsp;&nbsp; Un cadre de travail dans un environnement dynamique et stimulant<\/p>\n<p style=\"text-align:justify\">&nbsp;<\/p>\n<p>Envie de participer&nbsp;\u00e0 l\u2019aventure ? devenez notre futur(e)&nbsp;:<\/p>\n<p>&nbsp;<\/p>\n<h2 style=\"text-align:center\"><span style=\"font-size:0.9em\">Responsable de Plateforme Logistique Mobile H\/F \u2013 Mobilit\u00e9 Nationale<\/span><\/h2>\n<h2 style=\"text-align:center\">&nbsp;<\/h2>\n<h3><strong>Votre situation : en attente d&rsquo;affectation sur une plateforme<\/strong><\/h3>\n<p style=\"min-height: 1.7em\">\n<p>Nous recherchons un(e) <strong>Responsable de Plateforme Logistique Mobile<\/strong>, disponible pour intervenir sur diff\u00e9rents sites en France (ex. Strasbourg, Lyon, et autres localisations), <strong>en attendant votre affectation d\u00e9finitive sur une plateforme<\/strong>. Vous jouez un r\u00f4le cl\u00e9 pour garantir la continuit\u00e9 et l&rsquo;efficacit\u00e9 des op\u00e9rations, tout en vous pr\u00e9parant \u00e0 prendre en charge une plateforme de mani\u00e8re durable.<\/p>\n<p style=\"min-height: 1.7em\">\n<h3><strong>Votre d\u00e9fi :<\/strong><\/h3>\n<p style=\"min-height: 1.7em\">\n<p>En v\u00e9ritable pilote de terrain, vous coordonnez et optimisez les activit\u00e9s de plateformes logistiques d&rsquo;une centaine de collaborateurs. Vous assurez la ma\u00eetrise des flux, l&rsquo;efficacit\u00e9 op\u00e9rationnelle, la s\u00e9curit\u00e9 et le pilotage social, tout en vous adaptant aux diff\u00e9rentes situations et sites sur lesquels vous intervenez.<\/p>\n<p style=\"min-height: 1.7em\">\n<h3><strong>Vos missions :<\/strong><\/h3>\n<p style=\"min-height: 1.7em\">\n<h4><strong>Piloter les op\u00e9rations et la performance<\/strong><\/h4>\n<p>\u00b7&nbsp;&nbsp;&nbsp;&nbsp;&nbsp;&nbsp;&nbsp; Organiser et structurer l&rsquo;activit\u00e9 des plateformes pour garantir productivit\u00e9, qualit\u00e9, d\u00e9lais et continuit\u00e9 de service.<\/p>\n<p>\u00b7&nbsp;&nbsp;&nbsp;&nbsp;&nbsp;&nbsp;&nbsp; Suivre les indicateurs cl\u00e9s et d\u00e9ployer des plans d&rsquo;am\u00e9lioration continus adapt\u00e9s \u00e0 chaque site.<\/p>\n<p>\u00b7&nbsp;&nbsp;&nbsp;&nbsp;&nbsp;&nbsp;&nbsp; Garantir un dimensionnement optimal des effectifs selon les variations d&rsquo;activit\u00e9.<\/p>\n<h4><strong>Manager et f\u00e9d\u00e9rer les \u00e9quipes<\/strong><\/h4>\n<p>\u00b7&nbsp;&nbsp;&nbsp;&nbsp;&nbsp;&nbsp;&nbsp; Encadrer des \u00e9quipes pluridisciplinaires, accompagner les managers de proximit\u00e9, recruter, int\u00e9grer et d\u00e9velopper les comp\u00e9tences.<\/p>\n<p>\u00b7&nbsp;&nbsp;&nbsp;&nbsp;&nbsp;&nbsp;&nbsp; Installer un collectif dynamique fond\u00e9 sur la confiance, la clart\u00e9 et la reconnaissance de la performance.<\/p>\n<p>\u00b7&nbsp;&nbsp;&nbsp;&nbsp;&nbsp;&nbsp;&nbsp; Veiller \u00e0 un climat social serein et maintenir un dialogue ouvert et constructif.<\/p>\n<h4><strong>Renforcer la culture s\u00e9curit\u00e9<\/strong><\/h4>\n<p>\u00b7&nbsp;&nbsp;&nbsp;&nbsp;&nbsp;&nbsp;&nbsp; \u00catre le garant de la s\u00e9curit\u00e9 des \u00e9quipes et des installations sur les plateformes d&rsquo;intervention.<\/p>\n<p>\u00b7&nbsp;&nbsp;&nbsp;&nbsp;&nbsp;&nbsp;&nbsp; Suivre les indicateurs li\u00e9s aux accidents du travail, \u00e0 l&rsquo;absent\u00e9isme (AT), et mettre en \u0153uvre des actions de pr\u00e9vention concr\u00e8tes et adapt\u00e9es au contexte local.<\/p>\n<p>\u00b7&nbsp;&nbsp;&nbsp;&nbsp;&nbsp;&nbsp;&nbsp; Sensibiliser les \u00e9quipes afin de faire de la s\u00e9curit\u00e9 un v\u00e9ritable r\u00e9flexe partag\u00e9.<\/p>\n<p style=\"min-height: 1.7em\">\n<h3><strong>Profil recherch\u00e9<\/strong><\/h3>\n<p>\u00b7&nbsp;&nbsp;&nbsp;&nbsp;&nbsp;&nbsp;&nbsp; Manager confirm\u00e9(e) disposant d&rsquo;au moins <strong>5 ans d&rsquo;exp\u00e9rience<\/strong> dans la gestion d&rsquo;une plateforme logistique, d&rsquo;un site industriel ou de         distribution.<\/p>\n<p>\u00b7&nbsp;&nbsp;&nbsp;&nbsp;&nbsp;&nbsp;&nbsp; \u00c0 l&rsquo;aise dans le pilotage op\u00e9rationnel, la gestion RH et le management terrain.<\/p>\n<p>\u00b7&nbsp;&nbsp;&nbsp;&nbsp;&nbsp;&nbsp;&nbsp; Leadership naturel, rigueur, sens des responsabilit\u00e9s et \u00e9coute active.<\/p>\n<p>\u00b7&nbsp;&nbsp;&nbsp;&nbsp;&nbsp;&nbsp;&nbsp; Capacit\u00e9 \u00e0 accompagner le changement et \u00e0 faire progresser les \u00e9quipes.<\/p>\n<p>\u00b7&nbsp;&nbsp;&nbsp;&nbsp;&nbsp;&nbsp;&nbsp; <strong>Mobilit\u00e9 nationale imp\u00e9rative<\/strong> : vous \u00eates disponible pour intervenir sur diff\u00e9rents sites partout en France.<\/p>","protected":false},"author":0,"featured_media":0,"template":"","meta":{"_acf_changed":false,"inline_featured_image":false,"_promoted":"","_job_location":"Saint Berthevin","_application":"noreply@noz.fr","_company_name":"","_company_website":"","_company_tagline":"","_company_twitter":"","_company_video":"","_filled":0,"_featured":0,"_remote_position":0,"_job_salary":"","_job_salary_currency":"","_job_salary_unit":"","_links_to":"","_links_to_target":""},"job-categories":[],"job-types":[127],"departement":[28],"metier":[],"region":[29],"secteur_dactivite":[97],"class_list":{"0":"post-129645","1":"job_listing","2":"type-job_listing","3":"status-publish","4":"hentry","5":"departement-mayenne","6":"region-pays-de-la-loire","7":"secteur_dactivite-logistique","9":"job-type-temps-plein-a-duree-indeterminee"},"acf":[],"yoast_head":"<!-- This site is optimized with the Yoast SEO plugin v27.5 - https:\/\/yoast.com\/product\/yoast-seo-wordpress\/ -->\n<title>Responsable de plateforme logistique mobile France H\/F - Noz<\/title>\n<meta name=\"robots\" content=\"index, follow, max-snippet:-1, max-image-preview:large, max-video-preview:-1\" \/>\n<link rel=\"canonical\" href=\"https:\/\/www.noz.fr\/es\/offres\/responsable-de-plateforme-logistique-mobile-france-h-f-14\/\" \/>\n<meta property=\"og:locale\" content=\"es_ES\" \/>\n<meta property=\"og:type\" content=\"article\" \/>\n<meta property=\"og:title\" content=\"Responsable de plateforme logistique mobile France H\/F - Noz\" \/>\n<meta property=\"og:description\" content=\"NOZ, un esprit, des talents &#8211; recrute ses futurs collaborateurs ! &nbsp; Envie de rejoindre un projet ambitieux ? &nbsp; L&rsquo;Univers NOZ, leader europ\u00e9en du d\u00e9stockage, plus de 6800 personnes dans le monde, 350 magasins France, en croissance r\u00e9guli\u00e8re depuis 1976 et encore plus forte ces deux derni\u00e8res ann\u00e9es. Nous continuons de grandir et de [&hellip;]\" \/>\n<meta property=\"og:url\" content=\"https:\/\/www.noz.fr\/es\/offres\/responsable-de-plateforme-logistique-mobile-france-h-f-14\/\" \/>\n<meta property=\"og:site_name\" content=\"Noz\" \/>\n<meta property=\"article:modified_time\" content=\"2026-04-30T07:05:24+00:00\" \/>\n<meta name=\"twitter:card\" content=\"summary_large_image\" \/>\n<meta name=\"twitter:label1\" content=\"Tiempo de lectura\" \/>\n\t<meta name=\"twitter:data1\" content=\"3 minutos\" \/>\n<script type=\"application\/ld+json\" class=\"yoast-schema-graph\">{\"@context\":\"https:\\\/\\\/schema.org\",\"@graph\":[{\"@type\":\"WebPage\",\"@id\":\"https:\\\/\\\/www.noz.fr\\\/es\\\/offres\\\/responsable-de-plateforme-logistique-mobile-france-h-f-14\\\/\",\"url\":\"https:\\\/\\\/www.noz.fr\\\/es\\\/offres\\\/responsable-de-plateforme-logistique-mobile-france-h-f-14\\\/\",\"name\":\"Responsable de plateforme logistique mobile France H\\\/F - Noz\",\"isPartOf\":{\"@id\":\"https:\\\/\\\/www.noz.fr\\\/#website\"},\"datePublished\":\"2026-04-18T21:20:20+00:00\",\"dateModified\":\"2026-04-30T07:05:24+00:00\",\"breadcrumb\":{\"@id\":\"https:\\\/\\\/www.noz.fr\\\/es\\\/offres\\\/responsable-de-plateforme-logistique-mobile-france-h-f-14\\\/#breadcrumb\"},\"inLanguage\":\"es\",\"potentialAction\":[{\"@type\":\"ReadAction\",\"target\":[\"https:\\\/\\\/www.noz.fr\\\/es\\\/offres\\\/responsable-de-plateforme-logistique-mobile-france-h-f-14\\\/\"]}]},{\"@type\":\"BreadcrumbList\",\"@id\":\"https:\\\/\\\/www.noz.fr\\\/es\\\/offres\\\/responsable-de-plateforme-logistique-mobile-france-h-f-14\\\/#breadcrumb\",\"itemListElement\":[{\"@type\":\"ListItem\",\"position\":1,\"name\":\"Accueil\",\"item\":\"https:\\\/\\\/www.noz.fr\\\/\"},{\"@type\":\"ListItem\",\"position\":2,\"name\":\"Responsable de plateforme logistique mobile France H\\\/F\"}]},{\"@type\":\"WebSite\",\"@id\":\"https:\\\/\\\/www.noz.fr\\\/#website\",\"url\":\"https:\\\/\\\/www.noz.fr\\\/\",\"name\":\"Noz\",\"description\":\"\",\"potentialAction\":[{\"@type\":\"SearchAction\",\"target\":{\"@type\":\"EntryPoint\",\"urlTemplate\":\"https:\\\/\\\/www.noz.fr\\\/?s={search_term_string}\"},\"query-input\":{\"@type\":\"PropertyValueSpecification\",\"valueRequired\":true,\"valueName\":\"search_term_string\"}}],\"inLanguage\":\"es\"}]}<\/script>\n<!-- \/ Yoast SEO plugin. -->","yoast_head_json":{"title":"Responsable de plateforme logistique mobile France H\/F - Noz","robots":{"index":"index","follow":"follow","max-snippet":"max-snippet:-1","max-image-preview":"max-image-preview:large","max-video-preview":"max-video-preview:-1"},"canonical":"https:\/\/www.noz.fr\/es\/offres\/responsable-de-plateforme-logistique-mobile-france-h-f-14\/","og_locale":"es_ES","og_type":"article","og_title":"Responsable de plateforme logistique mobile France H\/F - Noz","og_description":"NOZ, un esprit, des talents &#8211; recrute ses futurs collaborateurs ! &nbsp; Envie de rejoindre un projet ambitieux ? &nbsp; L&rsquo;Univers NOZ, leader europ\u00e9en du d\u00e9stockage, plus de 6800 personnes dans le monde, 350 magasins France, en croissance r\u00e9guli\u00e8re depuis 1976 et encore plus forte ces deux derni\u00e8res ann\u00e9es. Nous continuons de grandir et de [&hellip;]","og_url":"https:\/\/www.noz.fr\/es\/offres\/responsable-de-plateforme-logistique-mobile-france-h-f-14\/","og_site_name":"Noz","article_modified_time":"2026-04-30T07:05:24+00:00","twitter_card":"summary_large_image","twitter_misc":{"Tiempo de lectura":"3 minutos"},"schema":{"@context":"https:\/\/schema.org","@graph":[{"@type":"WebPage","@id":"https:\/\/www.noz.fr\/es\/offres\/responsable-de-plateforme-logistique-mobile-france-h-f-14\/","url":"https:\/\/www.noz.fr\/es\/offres\/responsable-de-plateforme-logistique-mobile-france-h-f-14\/","name":"Responsable de plateforme logistique mobile France H\/F - Noz","isPartOf":{"@id":"https:\/\/www.noz.fr\/#website"},"datePublished":"2026-04-18T21:20:20+00:00","dateModified":"2026-04-30T07:05:24+00:00","breadcrumb":{"@id":"https:\/\/www.noz.fr\/es\/offres\/responsable-de-plateforme-logistique-mobile-france-h-f-14\/#breadcrumb"},"inLanguage":"es","potentialAction":[{"@type":"ReadAction","target":["https:\/\/www.noz.fr\/es\/offres\/responsable-de-plateforme-logistique-mobile-france-h-f-14\/"]}]},{"@type":"BreadcrumbList","@id":"https:\/\/www.noz.fr\/es\/offres\/responsable-de-plateforme-logistique-mobile-france-h-f-14\/#breadcrumb","itemListElement":[{"@type":"ListItem","position":1,"name":"Accueil","item":"https:\/\/www.noz.fr\/"},{"@type":"ListItem","position":2,"name":"Responsable de plateforme logistique mobile France H\/F"}]},{"@type":"WebSite","@id":"https:\/\/www.noz.fr\/#website","url":"https:\/\/www.noz.fr\/","name":"Noz","description":"","potentialAction":[{"@type":"SearchAction","target":{"@type":"EntryPoint","urlTemplate":"https:\/\/www.noz.fr\/?s={search_term_string}"},"query-input":{"@type":"PropertyValueSpecification","valueRequired":true,"valueName":"search_term_string"}}],"inLanguage":"es"}]}},"_links":{"self":[{"href":"https:\/\/www.noz.fr\/es\/wp-json\/wp\/v2\/job-listings\/129645","targetHints":{"allow":["GET"]}}],"collection":[{"href":"https:\/\/www.noz.fr\/es\/wp-json\/wp\/v2\/job-listings"}],"about":[{"href":"https:\/\/www.noz.fr\/es\/wp-json\/wp\/v2\/types\/job_listing"}],"wp:attachment":[{"href":"https:\/\/www.noz.fr\/es\/wp-json\/wp\/v2\/media?parent=129645"}],"wp:term":[{"taxonomy":"job_listing_category","embeddable":true,"href":"https:\/\/www.noz.fr\/es\/wp-json\/wp\/v2\/job-categories?post=129645"},{"taxonomy":"job_listing_type","embeddable":true,"href":"https:\/\/www.noz.fr\/es\/wp-json\/wp\/v2\/job-types?post=129645"},{"taxonomy":"departement","embeddable":true,"href":"https:\/\/www.noz.fr\/es\/wp-json\/wp\/v2\/departement?post=129645"},{"taxonomy":"metier","embeddable":true,"href":"https:\/\/www.noz.fr\/es\/wp-json\/wp\/v2\/metier?post=129645"},{"taxonomy":"region","embeddable":true,"href":"https:\/\/www.noz.fr\/es\/wp-json\/wp\/v2\/region?post=129645"},{"taxonomy":"secteur_dactivite","embeddable":true,"href":"https:\/\/www.noz.fr\/es\/wp-json\/wp\/v2\/secteur_dactivite?post=129645"}],"curies":[{"name":"wp","href":"https:\/\/api.w.org\/{rel}","templated":true}]}}